{"id":22,"date":"2020-03-27T11:07:29","date_gmt":"2020-03-27T11:07:29","guid":{"rendered":"https:\/\/columbretes.mediterraneagestion.es\/?page_id=22"},"modified":"2025-09-15T09:37:07","modified_gmt":"2025-09-15T09:37:07","slug":"inicio","status":"publish","type":"page","link":"https:\/\/centrocolumbretes.com\/","title":{"rendered":"Inicio"},"content":{"rendered":"<div class=\"wpb-content-wrapper\"><p>[vc_row][vc_column][vc_btn title=\u00bbVER PROGRAMA DE ACTIVIDADES y PREINSCRIPCI\u00d3N 2025-2026&#8243; style=\u00bbcustom\u00bb custom_background=\u00bb#ffffff\u00bb custom_text=\u00bb#3b8ced\u00bb size=\u00bblg\u00bb align=\u00bbcenter\u00bb css=\u00bb\u00bb link=\u00bburl:https%3A%2F%2Fcentrocolumbretes.com%2Fwp-content%2Fuploads%2F2025%2F08%2Ftriptico-matriculas-25-26.pdf|target:_blank\u00bb][vc_btn title=\u00bbLISTADO ADMITIDOS ACTIVIDADES CON SORTEO 2025\/2026&#8243; style=\u00bbcustom\u00bb custom_background=\u00bb#dd9933&#8243; custom_text=\u00bb#ffffff\u00bb size=\u00bblg\u00bb align=\u00bbcenter\u00bb css=\u00bb\u00bb link=\u00bburl:https%3A%2F%2Fcentrocolumbretes.com%2Fwp-content%2Fuploads%2F2025%2F09%2FACTIVIDADES-CON-SORTEO-3.pdf|target:_blank\u00bb][\/vc_column][\/vc_row][vc_row disable_element=\u00bbyes\u00bb][vc_column]<div id=\"ultimate-heading-113369f71bf36f6eb\" class=\"uvc-heading ult-adjust-bottom-margin ultimate-heading-113369f71bf36f6eb uvc-9846 \" data-hspacer=\"no_spacer\"  data-halign=\"center\" style=\"text-align:center\"><div class=\"uvc-heading-spacer no_spacer\" style=\"top\"><\/div><div class=\"uvc-main-heading ult-responsive\"  data-ultimate-target='.uvc-heading.ultimate-heading-113369f71bf36f6eb h2'  data-responsive-json-new='{\"font-size\":\"desktop:30px;\",\"line-height\":\"\"}' ><h2 style=\"--font-weight:theme;color:#2e8cc2;\">Programa ``Aulas de Mayores`` 2024-2025<\/h2><\/div><\/div>[vc_empty_space][vc_empty_space][vc_single_image image=\u00bb58850&#8243; img_size=\u00bbfull\u00bb alignment=\u00bbcenter\u00bb css=\u00bb\u00bb][vc_btn title=\u00bbVER PROGRAMA DE ACTIVIDADES y PREINSCRIPCI\u00d3N 2025-2026&#8243; style=\u00bbcustom\u00bb custom_background=\u00bb#ffffff\u00bb custom_text=\u00bb#3b8ced\u00bb size=\u00bblg\u00bb align=\u00bbcenter\u00bb css=\u00bb\u00bb link=\u00bburl:https%3A%2F%2Fcentrocolumbretes.com%2Fwp-content%2Fuploads%2F2025%2F08%2Ftriptico-matriculas-25-26.pdf|target:_blank\u00bb][vc_btn title=\u00bbLISTADO ADMITIDOS ACTIVIDADES CON SORTEO 2025\/2026 (PR\u00d3XIMAMENTE)\u00bb style=\u00bbcustom\u00bb custom_background=\u00bb#dd9933&#8243; custom_text=\u00bb#ffffff\u00bb size=\u00bblg\u00bb align=\u00bbcenter\u00bb css=\u00bb\u00bb link=\u00bburl:%23|target:_blank\u00bb][\/vc_column][\/vc_row][vc_row gap=\u00bb5&#8243; css=\u00bb.vc_custom_1655192860364{padding-bottom: 30px !important;}\u00bb][vc_column width=\u00bb1\/4&#8243; css=\u00bb.vc_custom_1655279658525{padding-bottom: 60px !important;background-color: #2e8cc2 !important;}\u00bb]<div id=\"ultimate-heading-374069f71bf36f74a\" class=\"uvc-heading ult-adjust-bottom-margin ultimate-heading-374069f71bf36f74a uvc-9934 \" data-hspacer=\"no_spacer\"  data-halign=\"center\" style=\"text-align:center\"><div class=\"uvc-heading-spacer no_spacer\" style=\"top\"><\/div><div class=\"uvc-main-heading ult-responsive\"  data-ultimate-target='.uvc-heading.ultimate-heading-374069f71bf36f74a h2'  data-responsive-json-new='{\"font-size\":\"desktop:30px;\",\"line-height\":\"\"}' ><h2 style=\"--font-weight:theme;color:#ffffff;\">Destinatarios<\/h2><\/div><\/div>[vc_separator][vc_column_text]<\/p>\n<p style=\"text-align: left;\"><span style=\"color: #ffffff;\">Personas empadronadas en el municipio de Castell\u00f3 de la Plana con 60 a\u00f1os de edad cumplidos o m\u00e1s. Excepciones (participaci\u00f3n de actividades en caso de vacantes): <\/span><\/p>\n<p style=\"text-align: left;\"><span style=\"color: #ffffff;\">Podr\u00e1n acceder personas de entre 55 y 59 a\u00f1os, prioriz\u00e1ndose: <strong>pensionistas<\/strong>\u00a0o\u00a0<strong>desempleados\/as<\/strong>, y en \u00faltimo t\u00e9rmino,\u00a0<strong>personas <\/strong><strong>no <\/strong><\/span><\/p>\n<p style=\"text-align: left;\"><span style=\"color: #ffffff;\"><strong>empadronadas<\/strong>.<\/span><\/p>\n<p>[\/vc_column_text][vc_empty_space height=\u00bb65px\u00bb][\/vc_column][vc_column width=\u00bb1\/2&#8243; css=\u00bb.vc_custom_1655274961327{background-color: #ffffff !important;}\u00bb]<div id=\"ultimate-heading-35069f71bf36f785\" class=\"uvc-heading ult-adjust-bottom-margin ultimate-heading-35069f71bf36f785 uvc-569 \" data-hspacer=\"no_spacer\"  data-halign=\"center\" style=\"text-align:center\"><div class=\"uvc-heading-spacer no_spacer\" style=\"top\"><\/div><div class=\"uvc-main-heading ult-responsive\"  data-ultimate-target='.uvc-heading.ultimate-heading-35069f71bf36f785 h2'  data-responsive-json-new='{\"font-size\":\"desktop:30px;\",\"line-height\":\"\"}' ><h2 style=\"--font-weight:theme;color:#2e8cc2;\">Qui\u00e9nes somos<\/h2><\/div><\/div>[vc_separator][vc_row_inner][vc_column_inner width=\u00bb1\/2&#8243;][vc_column_text]<\/p>\n<p style=\"text-align: justify;\"><span style=\"color: #333333;\">El Centro para Mayores Columbretes es un inmueble municipal concebido como recurso de acci\u00f3n social tendente a crear un espacio de encuentro para promover y fomentar el envejecimiento activo y constructivo, la calidad social, el desarrollo personal, las relaciones sociales e intergeneracionales, la dinamizaci\u00f3n, participaci\u00f3n y acci\u00f3n comunitaria de los ciudadanos\/as mayores de edad del municipio, favoreciendo la autonom\u00eda necesaria para realizar sus actividades diarias y que permanezcan en su medio familiar y social.<\/span><\/p>\n<p>[\/vc_column_text][\/vc_column_inner][vc_column_inner width=\u00bb1\/2&#8243;][vc_column_text]<\/p>\n<p style=\"text-align: justify;\"><span style=\"color: #333333;\">El espacio de encuentro ofrece diferentes servicios tales como podolog\u00eda, peluquer\u00eda y cafeter\u00eda-comedor, as\u00ed como el servicio asistencial de fisioterapia y la realizaci\u00f3n de actividades de prevenci\u00f3n y cohesi\u00f3n social, que est\u00e1n orientadas a la educaci\u00f3n del ocio y tiempo libre, de desarrollo cultural, convivencial, de fomento de la participaci\u00f3n y promoci\u00f3n social, a fin de propiciar h\u00e1bitos de vida saludable y dinamizaci\u00f3n de las relaciones interpersonales, grupales y con la comunidad.<\/span><\/p>\n<p>[\/vc_column_text][\/vc_column_inner][\/vc_row_inner][\/vc_column][vc_column width=\u00bb1\/4&#8243; css=\u00bb.vc_custom_1655279744386{padding-bottom: 30px !important;background-color: #2e8cc2 !important;}\u00bb]<div id=\"ultimate-heading-909269f71bf36f7b8\" class=\"uvc-heading ult-adjust-bottom-margin ultimate-heading-909269f71bf36f7b8 uvc-572 \" data-hspacer=\"no_spacer\"  data-halign=\"center\" style=\"text-align:center\"><div class=\"uvc-heading-spacer no_spacer\" style=\"top\"><\/div><div class=\"uvc-main-heading ult-responsive\"  data-ultimate-target='.uvc-heading.ultimate-heading-909269f71bf36f7b8 h2'  data-responsive-json-new='{\"font-size\":\"desktop:30px;\",\"line-height\":\"\"}' ><h2 style=\"--font-weight:theme;color:#ffffff;\">Horario<\/h2><\/div><\/div>[vc_separator][vc_column_text]<\/p>\n<p style=\"text-align: justify;\"><span style=\"color: #ffffff;\">El Centro permanecer\u00e1\u00a0<b>abierto al p\u00fablico<\/b>\u00a0con el siguiente calendario:<\/span><\/p>\n<p style=\"text-align: justify;\"><span style=\"color: #ffffff;\"><strong>Del 2 de enero al 30 de junio y del 1 de septiembre al 30 de diciembre:<\/strong><\/span><br \/>\n<span style=\"color: #ffffff;\">\u27a2Lunes a viernes, de 9:00h a 20:00h.<\/span><br \/>\n<span style=\"color: #ffffff;\">\u27a2S\u00e1bado y domingo, de 10:00h a 21:00h.<\/span><br \/>\n<span style=\"color: #ffffff;\"><strong>En el mes de julio: de 9:00h a 16:00h de lunes a domingo.<\/strong><\/span><br \/>\n<span style=\"color: #ffffff;\"><strong>D\u00edas 24 y 31 de diciembre: de 9:00h a 14:00h.<\/strong><\/span><\/p>\n<p style=\"text-align: justify;\"><span style=\"color: #ffffff;\">El Centro estar\u00e1\u00a0<b>cerrado al p\u00fablico<\/b>\u00a0los d\u00edas 1 de enero, festividades locales y mes de agosto.<\/span><\/p>\n<p>[\/vc_column_text][\/vc_column][\/vc_row][vc_row gap=\u00bb1&#8243; disable_element=\u00bbyes\u00bb css=\u00bb.vc_custom_1655191414090{padding-bottom: 20px !important;background-color: #ffffff !important;}\u00bb][vc_column width=\u00bb1\/4&#8243; css=\u00bb.vc_custom_1655189740751{padding-bottom: 214px !important;background-color: #2e8cc2 !important;}\u00bb]<div id=\"ultimate-heading-597369f71bf36f7eb\" class=\"uvc-heading ult-adjust-bottom-margin ultimate-heading-597369f71bf36f7eb uvc-8071 \" data-hspacer=\"no_spacer\"  data-halign=\"left\" style=\"text-align:left\"><div class=\"uvc-heading-spacer no_spacer\" style=\"top\"><\/div><div class=\"uvc-main-heading ult-responsive\"  data-ultimate-target='.uvc-heading.ultimate-heading-597369f71bf36f7eb h2'  data-responsive-json-new='{\"font-size\":\"desktop:30px;\",\"line-height\":\"\"}' ><h2 style=\"--font-weight:theme;color:#ffffff;\">Destinatarios<\/h2><\/div><\/div>[vc_separator][vc_column_text]<\/p>\n<p style=\"text-align: justify;\"><span style=\"color: #ffffff;\">Personas empadronadas en el municipio de Castell\u00f3 de la Plana con 60 a\u00f1os de edad cumplidos o m\u00e1s.<\/span><\/p>\n<p style=\"text-align: justify;\"><span style=\"color: #ffffff;\">Excepciones (participaci\u00f3n de actividades en caso de vacantes): Podr\u00e1n acceder personas de entre 55 y 59 a\u00f1os, prioriz\u00e1ndose pensionistas o desempleados\/as, y en \u00faltimo t\u00e9rmino, personas no empadronadas.<\/span><\/p>\n<p>[\/vc_column_text][\/vc_column][vc_column width=\u00bb1\/4&#8243; css=\u00bb.vc_custom_1655191371516{background-color: #337ebf !important;}\u00bb]<div id=\"ultimate-heading-227969f71bf36f81b\" class=\"uvc-heading ult-adjust-bottom-margin ultimate-heading-227969f71bf36f81b uvc-584 \" data-hspacer=\"no_spacer\"  data-halign=\"left\" style=\"text-align:left\"><div class=\"uvc-heading-spacer no_spacer\" style=\"top\"><\/div><div class=\"uvc-main-heading ult-responsive\"  data-ultimate-target='.uvc-heading.ultimate-heading-227969f71bf36f81b h2'  data-responsive-json-new='{\"font-size\":\"desktop:30px;\",\"line-height\":\"\"}' ><h2 style=\"--font-weight:theme;color:#ffffff;\">Qui\u00e9nes somos<\/h2><\/div><\/div>[vc_separator][vc_column_text]<\/p>\n<p style=\"text-align: justify;\"><span style=\"color: #ffffff;\">El Centro para Mayores Columbretes es un inmueble municipal concebido como recurso de acci\u00f3n social tendente a crear un espacio de encuentro que permita promover y fomentar el envejecimiento activo y constructivo, la calidad social, el desarrollo personal, las relaciones sociales e intergeneracionales, la dinamizaci\u00f3n, participaci\u00f3n y acci\u00f3n comunitaria de los ciudadanos\/as mayores de edad del municipio, favoreciendo que las personas mayores gocen de la autonom\u00eda necesaria para la realizaci\u00f3n de sus actividades diarias y permanezcan en el propio medio familiar y social.<\/span><\/p>\n<p>[\/vc_column_text][\/vc_column][vc_column width=\u00bb1\/4&#8243; css=\u00bb.vc_custom_1655190236461{padding-bottom: 55px !important;background-color: #337ebf !important;}\u00bb][vc_empty_space height=\u00bb38px\u00bb][vc_separator][vc_column_text]<\/p>\n<p style=\"text-align: justify;\"><span style=\"color: #ffffff;\">El espacio de encuentro ofrece diferentes servicios tales como podolog\u00eda, peluquer\u00eda y cafeter\u00eda-comedor, as\u00ed como el servicio asistencial de fisioterapia y la realizaci\u00f3n de actividades de prevenci\u00f3n y cohesi\u00f3n social, que est\u00e1n orientadas a la educaci\u00f3n del ocio y tiempo libre, de desarrollo cultural, convivencial, de fomento de la participaci\u00f3n y promoci\u00f3n social, a fin de propiciar h\u00e1bitos de vida saludable y dinamizaci\u00f3n de las relaciones interpersonales, grupales y con la comunidad.<\/span><\/p>\n<p>[\/vc_column_text][\/vc_column][vc_column width=\u00bb1\/4&#8243; css=\u00bb.vc_custom_1655189978418{padding-bottom: 92px !important;background-color: #2e8cc2 !important;}\u00bb]<div id=\"ultimate-heading-719569f71bf36f84c\" class=\"uvc-heading ult-adjust-bottom-margin ultimate-heading-719569f71bf36f84c uvc-8720 \" data-hspacer=\"no_spacer\"  data-halign=\"left\" style=\"text-align:left\"><div class=\"uvc-heading-spacer no_spacer\" style=\"top\"><\/div><div class=\"uvc-main-heading ult-responsive\"  data-ultimate-target='.uvc-heading.ultimate-heading-719569f71bf36f84c h2'  data-responsive-json-new='{\"font-size\":\"desktop:30px;\",\"line-height\":\"\"}' ><h2 style=\"--font-weight:theme;color:#ffffff;\">Horario<\/h2><\/div><\/div>[vc_separator][vc_column_text]<\/p>\n<p style=\"text-align: justify;\"><span style=\"color: #ffffff;\">El Centro permanecer\u00e1 abierto al p\u00fablico con el siguiente calendario:<\/span><\/p>\n<p style=\"text-align: justify;\"><span style=\"color: #ffffff;\">Del 2 de enero al 30 de junio y del 1 de septiembre al 30 de diciembre:<\/span><br \/>\n<span style=\"color: #ffffff;\">\u27a2lunes a viernes, de 9:00h a 20:00h.<\/span><br \/>\n<span style=\"color: #ffffff;\">\u27a2S\u00e1bado y domingo, de 10:00h a 21:00h.<\/span><br \/>\n<span style=\"color: #ffffff;\">En el mes de julio: de 9:00h a 16:00h.<\/span><br \/>\n<span style=\"color: #ffffff;\">D\u00edas 24 y 31 de diciembre: de 9:00h a 14:00h.<\/span><\/p>\n<p style=\"text-align: justify;\"><span style=\"color: #ffffff;\">El Centro estar\u00e1 cerrado al p\u00fablico los d\u00edas 1 de enero, festividades locales y mes de agosto.<\/span><\/p>\n<p>[\/vc_column_text][\/vc_column][\/vc_row][vc_row bg_type=\u00bbbg_color\u00bb bg_override=\u00bbex-full\u00bb bg_color_value=\u00bb#2e8cc2&#8243;][vc_column]<div id=\"ultimate-heading-497069f71bf36f87c\" class=\"uvc-heading ult-adjust-bottom-margin ultimate-heading-497069f71bf36f87c uvc-6840 \" data-hspacer=\"no_spacer\"  data-halign=\"center\" style=\"text-align:center\"><div class=\"uvc-heading-spacer no_spacer\" style=\"top\"><\/div><div class=\"uvc-main-heading ult-responsive\"  data-ultimate-target='.uvc-heading.ultimate-heading-497069f71bf36f87c h2'  data-responsive-json-new='{\"font-size\":\"desktop:25px;\",\"line-height\":\"\"}' ><h2 style=\"font-weight:bold;color:#ffffff;\">Env\u00edanos tu sugerencia<\/h2><\/div><\/div>[vc_empty_space height=\u00bb10px\u00bb][vc_btn title=\u00bbCont\u00e1ctanos\u00bb style=\u00bbcustom\u00bb custom_background=\u00bb#ffffff\u00bb custom_text=\u00bb#3b8ced\u00bb size=\u00bblg\u00bb align=\u00bbcenter\u00bb link=\u00bburl:https%3A%2F%2Fcentrocolumbretes.com%2F%3Fpage_id%3D56705|title:Contacto|target:_blank\u00bb][vc_empty_space height=\u00bb20px\u00bb][\/vc_column][\/vc_row][vc_row][vc_column]<style type=\"text\/css\" data-type=\"the7_shortcodes-inline-css\">.gallery-carousel-shortcode.gallery-carousel-shortcode-id-74c9cb1d4a48ba2cb4278d9c7be6a644.owl-carousel .owl-nav div {\n  width: 36px;\n  height: 36px;\n  border-radius: 500px;\n}\n.dt-arrow-border-on.gallery-carousel-shortcode.gallery-carousel-shortcode-id-74c9cb1d4a48ba2cb4278d9c7be6a644.owl-carousel .owl-nav div:not(:hover):before {\n  border-width: 0px;\n}\n.dt-arrow-hover-border-on.gallery-carousel-shortcode.gallery-carousel-shortcode-id-74c9cb1d4a48ba2cb4278d9c7be6a644.owl-carousel .owl-nav div:hover:after {\n  border-width: 0px;\n}\n.gallery-carousel-shortcode.gallery-carousel-shortcode-id-74c9cb1d4a48ba2cb4278d9c7be6a644.owl-carousel .owl-nav div.owl-prev {\n  top: 50%;\n  transform: translateY(calc(-50% + 0px));\n  left: -43px;\n}\n@media all and (-ms-high-contrast: none) {\n  .gallery-carousel-shortcode.gallery-carousel-shortcode-id-74c9cb1d4a48ba2cb4278d9c7be6a644.owl-carousel .owl-nav div.owl-prev {\n    transform: translateY(-50%);\n    margin-top: 0px;\n  }\n}\n.gallery-carousel-shortcode.gallery-carousel-shortcode-id-74c9cb1d4a48ba2cb4278d9c7be6a644.owl-carousel .owl-nav div.owl-prev i {\n  padding: 0px 0px 0px 0px;\n}\n.gallery-carousel-shortcode.gallery-carousel-shortcode-id-74c9cb1d4a48ba2cb4278d9c7be6a644.owl-carousel .owl-nav div.owl-next {\n  top: 50%;\n  transform: translateY(calc(-50% + 0px));\n  right: -43px;\n}\n@media all and (-ms-high-contrast: none) {\n  .gallery-carousel-shortcode.gallery-carousel-shortcode-id-74c9cb1d4a48ba2cb4278d9c7be6a644.owl-carousel .owl-nav div.owl-next {\n    transform: translateY(-50%);\n    margin-top: 0px;\n  }\n}\n.gallery-carousel-shortcode.gallery-carousel-shortcode-id-74c9cb1d4a48ba2cb4278d9c7be6a644.owl-carousel .owl-nav div.owl-next i {\n  padding: 0px 0px 0px 0px;\n}\n.gallery-carousel-shortcode.gallery-carousel-shortcode-id-74c9cb1d4a48ba2cb4278d9c7be6a644.owl-carousel .owl-nav i {\n  font-size: 18px;\n}\n.gallery-carousel-shortcode.gallery-carousel-shortcode-id-74c9cb1d4a48ba2cb4278d9c7be6a644.owl-carousel .owl-nav div:not(:hover) i,\n.gallery-carousel-shortcode.gallery-carousel-shortcode-id-74c9cb1d4a48ba2cb4278d9c7be6a644.owl-carousel .owl-nav div:not(:hover) i:before {\n  color: #ffffff;\n  background: none;\n}\n.gallery-carousel-shortcode.gallery-carousel-shortcode-id-74c9cb1d4a48ba2cb4278d9c7be6a644.owl-carousel .owl-nav div:hover i,\n.gallery-carousel-shortcode.gallery-carousel-shortcode-id-74c9cb1d4a48ba2cb4278d9c7be6a644.owl-carousel .owl-nav div:hover i:before {\n  color: rgba(255,255,255,0.75);\n  background: none;\n}\n.gallery-carousel-shortcode.gallery-carousel-shortcode-id-74c9cb1d4a48ba2cb4278d9c7be6a644 .owl-dots {\n  top: calc(100% + 20px);\n  left: 50%;\n  transform: translateX(calc(-50% + 0px));\n}\n@media all and (-ms-high-contrast: none) {\n  .gallery-carousel-shortcode.gallery-carousel-shortcode-id-74c9cb1d4a48ba2cb4278d9c7be6a644 .owl-dots {\n    transform: translateX(-50%);\n    margin-left: 0px;\n  }\n}\n.gallery-carousel-shortcode.gallery-carousel-shortcode-id-74c9cb1d4a48ba2cb4278d9c7be6a644 .owl-dot {\n  width: 10px;\n  height: 10px;\n  margin: 0 8px;\n}\n@media screen and (max-width: 778px) {\n  .gallery-carousel-shortcode.gallery-carousel-shortcode-id-74c9cb1d4a48ba2cb4278d9c7be6a644.hide-arrows .owl-nav a {\n    display: none;\n  }\n}\n@media screen and (max-width: 778px) {\n  .gallery-carousel-shortcode.gallery-carousel-shortcode-id-74c9cb1d4a48ba2cb4278d9c7be6a644.reposition-arrows .owl-nav .owl-prev {\n    top: 50%;\n    transform: translateY(calc(-50% + 0px));\n    left: 10px;\n  }\n  .gallery-carousel-shortcode.gallery-carousel-shortcode-id-74c9cb1d4a48ba2cb4278d9c7be6a644.reposition-arrows .owl-nav .owl-next {\n    top: 50%;\n    transform: translateY(calc(-50% + 0px));\n    right: 10px;\n  }\n}\n@media screen and (max-width: 778px) and all and (-ms-high-contrast: none) {\n  .gallery-carousel-shortcode.gallery-carousel-shortcode-id-74c9cb1d4a48ba2cb4278d9c7be6a644.reposition-arrows .owl-nav .owl-prev {\n    transform: translateY(-50%);\n    margin-top: 0px;\n  }\n}\n@media screen and (max-width: 778px) and all and (-ms-high-contrast: none) {\n  .gallery-carousel-shortcode.gallery-carousel-shortcode-id-74c9cb1d4a48ba2cb4278d9c7be6a644.reposition-arrows .owl-nav .owl-next {\n    transform: translateY(-50%);\n    margin-top: 0px;\n  }\n}\n.gallery-carousel-shortcode.gallery-carousel-shortcode-id-74c9cb1d4a48ba2cb4278d9c7be6a644 figure,\n.gallery-carousel-shortcode.gallery-carousel-shortcode-id-74c9cb1d4a48ba2cb4278d9c7be6a644 .rollover,\n.gallery-carousel-shortcode.gallery-carousel-shortcode-id-74c9cb1d4a48ba2cb4278d9c7be6a644 img,\n.gallery-carousel-shortcode.gallery-carousel-shortcode-id-74c9cb1d4a48ba2cb4278d9c7be6a644 .gallery-rollover {\n  border-radius: 0px;\n}\n.gallery-carousel-shortcode.gallery-carousel-shortcode-id-74c9cb1d4a48ba2cb4278d9c7be6a644.enable-bg-rollover .gallery-rollover {\n  background: -webkit-linear-gradient();\n  background: linear-gradient();\n}\n.gallery-carousel-shortcode.gallery-carousel-shortcode-id-74c9cb1d4a48ba2cb4278d9c7be6a644.enable-img-shadow .owl-stage-outer {\n  padding: 14px 0;\n}\n.gallery-carousel-shortcode.gallery-carousel-shortcode-id-74c9cb1d4a48ba2cb4278d9c7be6a644.enable-bg-rollover.hover-scale figure .rollover:after {\n  background: -webkit-linear-gradient();\n  background: linear-gradient();\n}\n.gallery-carousel-shortcode.gallery-carousel-shortcode-id-74c9cb1d4a48ba2cb4278d9c7be6a644.gallery-shortcode .gallery-zoom-ico {\n  width: 44px;\n  height: 44px;\n  line-height: 44px;\n  border-radius: 100px;\n  margin: -22px 0 0 -22px;\n  border-width: 0px;\n}\n.dt-icon-bg-on.gallery-carousel-shortcode.gallery-carousel-shortcode-id-74c9cb1d4a48ba2cb4278d9c7be6a644.gallery-shortcode .gallery-zoom-ico {\n  background: rgba(255,255,255,0.3);\n  box-shadow: none;\n}\n.gallery-carousel-shortcode.gallery-carousel-shortcode-id-74c9cb1d4a48ba2cb4278d9c7be6a644.gallery-shortcode .gallery-zoom-ico:before,\n.gallery-carousel-shortcode.gallery-carousel-shortcode-id-74c9cb1d4a48ba2cb4278d9c7be6a644.gallery-shortcode .gallery-zoom-ico span {\n  font-size: 32px;\n  line-height: 44px;\n  color: #ffffff;\n  background: none;\n}<\/style><div class=\"owl-carousel gallery-carousel-shortcode gallery-shortcode  dt-gallery-container dt-owl-carousel-call gallery-carousel-shortcode-id-74c9cb1d4a48ba2cb4278d9c7be6a644 quick-scale-img enable-bg-rollover meta-info-off dt-arrow-border-on dt-arrow-hover-border-on bullets-small-dot-stroke reposition-arrows dt-icon-bg-off arrows-bg-on disable-arrows-hover-bg arrows-hover-bg-on  hover-fade \" data-scroll-mode=\"1\" data-col-num=\"6\" data-wide-col-num=\"6\" data-laptop-col=\"5\" data-h-tablet-columns-num=\"4\" data-v-tablet-columns-num=\"3\" data-phone-columns-num=\"1\" data-col-gap=\"10\" data-stage-padding=\"0\" data-speed=\"600\" data-autoplay=\"false\" data-autoplay_speed=\"6000\" data-arrows=\"true\" data-bullet=\"false\" data-next-icon=\"icon-ar-017-r\" data-prev-icon=\"icon-ar-017-l\" data-img-shadow-size=\"12px\" data-img-shadow-spread=\"3px\"><\/div>[\/vc_column][\/vc_row]<\/p>\n<\/div>","protected":false},"excerpt":{"rendered":"<p>[vc_row][vc_column][vc_btn title=\u00bbVER PROGRAMA DE ACTIVIDADES y PREINSCRIPCI\u00d3N 2025-2026&#8243; style=\u00bbcustom\u00bb custom_background=\u00bb#ffffff\u00bb custom_text=\u00bb#3b8ced\u00bb size=\u00bblg\u00bb align=\u00bbcenter\u00bb css=\u00bb\u00bb link=\u00bburl:https%3A%2F%2Fcentrocolumbretes.com%2Fwp-content%2Fuploads%2F2025%2F08%2Ftriptico-matriculas-25-26.pdf|target:_blank\u00bb][vc_btn title=\u00bbLISTADO ADMITIDOS ACTIVIDADES CON SORTEO 2025\/2026&#8243; style=\u00bbcustom\u00bb custom_background=\u00bb#dd9933&#8243; custom_text=\u00bb#ffffff\u00bb size=\u00bblg\u00bb align=\u00bbcenter\u00bb css=\u00bb\u00bb link=\u00bburl:https%3A%2F%2Fcentrocolumbretes.com%2Fwp-content%2Fuploads%2F2025%2F09%2FACTIVIDADES-CON-SORTEO-3.pdf|target:_blank\u00bb][\/vc_column][\/vc_row][vc_row disable_element=\u00bbyes\u00bb][vc_column][vc_empty_space][vc_empty_space][vc_single_image image=\u00bb58850&#8243; img_size=\u00bbfull\u00bb alignment=\u00bbcenter\u00bb css=\u00bb\u00bb][vc_btn title=\u00bbVER PROGRAMA DE ACTIVIDADES y PREINSCRIPCI\u00d3N 2025-2026&#8243; style=\u00bbcustom\u00bb custom_background=\u00bb#ffffff\u00bb custom_text=\u00bb#3b8ced\u00bb size=\u00bblg\u00bb align=\u00bbcenter\u00bb css=\u00bb\u00bb link=\u00bburl:https%3A%2F%2Fcentrocolumbretes.com%2Fwp-content%2Fuploads%2F2025%2F08%2Ftriptico-matriculas-25-26.pdf|target:_blank\u00bb][vc_btn title=\u00bbLISTADO ADMITIDOS ACTIVIDADES CON SORTEO 2025\/2026 (PR\u00d3XIMAMENTE)\u00bb style=\u00bbcustom\u00bb&hellip;<\/p>\n","protected":false},"author":1,"featured_media":0,"parent":0,"menu_order":0,"comment_status":"closed","ping_status":"closed","template":"","meta":{"footnotes":""},"class_list":["post-22","page","type-page","status-publish","hentry","description-off"],"_links":{"self":[{"href":"https:\/\/centrocolumbretes.com\/index.php?rest_route=\/wp\/v2\/pages\/22","targetHints":{"allow":["GET"]}}],"collection":[{"href":"https:\/\/centrocolumbretes.com\/index.php?rest_route=\/wp\/v2\/pages"}],"about":[{"href":"https:\/\/centrocolumbretes.com\/index.php?rest_route=\/wp\/v2\/types\/page"}],"author":[{"embeddable":true,"href":"https:\/\/centrocolumbretes.com\/index.php?rest_route=\/wp\/v2\/users\/1"}],"replies":[{"embeddable":true,"href":"https:\/\/centrocolumbretes.com\/index.php?rest_route=%2Fwp%2Fv2%2Fcomments&post=22"}],"version-history":[{"count":107,"href":"https:\/\/centrocolumbretes.com\/index.php?rest_route=\/wp\/v2\/pages\/22\/revisions"}],"predecessor-version":[{"id":58917,"href":"https:\/\/centrocolumbretes.com\/index.php?rest_route=\/wp\/v2\/pages\/22\/revisions\/58917"}],"wp:attachment":[{"href":"https:\/\/centrocolumbretes.com\/index.php?rest_route=%2Fwp%2Fv2%2Fmedia&parent=22"}],"curies":[{"name":"wp","href":"https:\/\/api.w.org\/{rel}","templated":true}]}}