{"id":58351,"date":"2022-05-18T10:15:40","date_gmt":"2022-05-18T10:15:40","guid":{"rendered":"https:\/\/nuevo.centrocolumbretes.com\/?page_id=58351"},"modified":"2025-10-20T08:59:53","modified_gmt":"2025-10-20T08:59:53","slug":"modulo-de-extension-cultural","status":"publish","type":"page","link":"https:\/\/centrocolumbretes.com\/?page_id=58351","title":{"rendered":"M\u00f3dulo de extensi\u00f3n cultural"},"content":{"rendered":"<div class=\"wpb-content-wrapper\"><p>[vc_row][vc_column width=\u00bb2\/3&#8243;]<div id=\"ultimate-heading-790769f72d9047bb8\" class=\"uvc-heading ult-adjust-bottom-margin ultimate-heading-790769f72d9047bb8 uvc-4426  uvc-heading-default-font-sizes\" data-hspacer=\"no_spacer\"  data-halign=\"center\" style=\"text-align:center\"><div class=\"uvc-heading-spacer no_spacer\" style=\"top\"><\/div><div class=\"uvc-main-heading ult-responsive\"  data-ultimate-target='.uvc-heading.ultimate-heading-790769f72d9047bb8 h2'  data-responsive-json-new='{\"font-size\":\"\",\"line-height\":\"\"}' ><h2 style=\"font-weight:bold;\">M\u00f3dulo de extensi\u00f3n cultural<\/h2><\/div><\/div>[vc_empty_space][vc_column_text]Espacio abierto de relaci\u00f3n de las personas mayores con su entorno social y cultural trabajando la socializaci\u00f3n, la integraci\u00f3n y las relaciones sociales a trav\u00e9s de actividades de car\u00e1cter cultural tales como conferencias, charlas culturales, seminarios, exposiciones, etc[\/vc_column_text][\/vc_column][vc_column width=\u00bb1\/3&#8243;][vc_single_image image=\u00bb58396&#8243; img_size=\u00bbmedium\u00bb][\/vc_column][\/vc_row][vc_row][vc_column width=\u00bb1\/3&#8243;][vc_single_image image=\u00bb58920&#8243; img_size=\u00bblarge\u00bb css=\u00bb\u00bb][\/vc_column][vc_column width=\u00bb2\/3&#8243;]<div id=\"ultimate-heading-816169f72d9047c2b\" class=\"uvc-heading ult-adjust-bottom-margin ultimate-heading-816169f72d9047c2b uvc-9709  uvc-heading-default-font-sizes\" data-hspacer=\"no_spacer\"  data-halign=\"center\" style=\"text-align:center\"><div class=\"uvc-heading-spacer no_spacer\" style=\"top\"><\/div><div class=\"uvc-main-heading ult-responsive\"  data-ultimate-target='.uvc-heading.ultimate-heading-816169f72d9047c2b h2'  data-responsive-json-new='{\"font-size\":\"\",\"line-height\":\"\"}' ><h2 style=\"font-weight:bold;\">Taller participativo: Podcast 'Voces con historia'<\/h2><\/div><\/div>[vc_empty_space][vc_column_text css=\u00bb\u00bb]\u00a1Estrenamos un nuevo Taller Participativo! Esta vez, damos voz a nuestros mayores con el Podcast \u201cVoces con Historia\u201d.<\/p>\n<p>Historias reales contadas por sus protagonistas. Un espacio para escuchar, compartir y emocionarnos.<\/p>\n<p>Te esperamos en Centro de Mayores Columbretes los d\u00edas 28 y 30 de octubre.<br \/>\nDe 16:00 a 18:00 h<\/p>\n<p>Para inscribirte, llama al: 964 20 94 97.[\/vc_column_text][\/vc_column][\/vc_row]<\/p>\n<\/div>","protected":false},"excerpt":{"rendered":"<p>[vc_row][vc_column width=\u00bb2\/3&#8243;][vc_empty_space][vc_column_text]Espacio abierto de relaci\u00f3n de las personas mayores con su entorno social y cultural trabajando la socializaci\u00f3n, la integraci\u00f3n y las relaciones sociales a trav\u00e9s de actividades de car\u00e1cter cultural tales como conferencias, charlas culturales, seminarios, exposiciones, etc[\/vc_column_text][\/vc_column][vc_column width=\u00bb1\/3&#8243;][vc_single_image image=\u00bb58396&#8243; img_size=\u00bbmedium\u00bb][\/vc_column][\/vc_row][vc_row][vc_column width=\u00bb1\/3&#8243;][vc_single_image image=\u00bb58920&#8243; img_size=\u00bblarge\u00bb css=\u00bb\u00bb][\/vc_column][vc_column width=\u00bb2\/3&#8243;][vc_empty_space][vc_column_text css=\u00bb\u00bb]\u00a1Estrenamos un nuevo Taller Participativo! Esta vez, damos&hellip;<\/p>\n","protected":false},"author":1,"featured_media":0,"parent":0,"menu_order":0,"comment_status":"closed","ping_status":"closed","template":"","meta":{"footnotes":""},"class_list":["post-58351","page","type-page","status-publish","hentry","description-off"],"_links":{"self":[{"href":"https:\/\/centrocolumbretes.com\/index.php?rest_route=\/wp\/v2\/pages\/58351","targetHints":{"allow":["GET"]}}],"collection":[{"href":"https:\/\/centrocolumbretes.com\/index.php?rest_route=\/wp\/v2\/pages"}],"about":[{"href":"https:\/\/centrocolumbretes.com\/index.php?rest_route=\/wp\/v2\/types\/page"}],"author":[{"embeddable":true,"href":"https:\/\/centrocolumbretes.com\/index.php?rest_route=\/wp\/v2\/users\/1"}],"replies":[{"embeddable":true,"href":"https:\/\/centrocolumbretes.com\/index.php?rest_route=%2Fwp%2Fv2%2Fcomments&post=58351"}],"version-history":[{"count":6,"href":"https:\/\/centrocolumbretes.com\/index.php?rest_route=\/wp\/v2\/pages\/58351\/revisions"}],"predecessor-version":[{"id":58921,"href":"https:\/\/centrocolumbretes.com\/index.php?rest_route=\/wp\/v2\/pages\/58351\/revisions\/58921"}],"wp:attachment":[{"href":"https:\/\/centrocolumbretes.com\/index.php?rest_route=%2Fwp%2Fv2%2Fmedia&parent=58351"}],"curies":[{"name":"wp","href":"https:\/\/api.w.org\/{rel}","templated":true}]}}